{"id":1257,"date":"2025-01-29T11:02:03","date_gmt":"2025-01-29T11:02:03","guid":{"rendered":"https:\/\/reverbdata.ipl.pt\/?page_id=1257"},"modified":"2025-11-27T11:58:08","modified_gmt":"2025-11-27T11:58:08","slug":"great-hall-of-st-carlos-theatre","status":"publish","type":"page","link":"https:\/\/reverbdata.ipl.pt\/pt\/reverbdata\/great-hall-of-st-carlos-theatre\/","title":{"rendered":"Sal\u00e3o Nobre do Teatro Nacional de S\u00e3o Carlos"},"content":{"rendered":"<div class=\"wp-block-group has-global-padding is-layout-constrained wp-block-group-is-layout-constrained\">\n<div class=\"wp-block-group has-global-padding is-layout-constrained wp-block-group-is-layout-constrained\">\n<div class=\"wp-block-columns is-layout-flex wp-container-core-columns-is-layout-0f3590de wp-block-columns-is-layout-flex\">\n<div class=\"wp-block-column is-layout-flow wp-block-column-is-layout-flow\" style=\"flex-basis:50%\"><h3 class=\"has-link-color wp-elements-d2e51c92208a6a2a5b724660ce272c42 wp-block-post-title has-text-color has-custom-color-1-color\">Sal\u00e3o Nobre do Teatro Nacional de S\u00e3o Carlos<\/h3>\n\n\n<figure class=\"wp-block-image size-full\"><img loading=\"lazy\" decoding=\"async\" width=\"1707\" height=\"2560\" src=\"https:\/\/reverbdata.ipl.pt\/wp-content\/uploads\/2025\/02\/Col-1-Pos-1-1-scaled.jpg\" alt=\"\" class=\"wp-image-1333\" srcset=\"https:\/\/reverbdata.ipl.pt\/wp-content\/uploads\/2025\/02\/Col-1-Pos-1-1-scaled.jpg 1707w, https:\/\/reverbdata.ipl.pt\/wp-content\/uploads\/2025\/02\/Col-1-Pos-1-1-200x300.jpg 200w, https:\/\/reverbdata.ipl.pt\/wp-content\/uploads\/2025\/02\/Col-1-Pos-1-1-683x1024.jpg 683w, https:\/\/reverbdata.ipl.pt\/wp-content\/uploads\/2025\/02\/Col-1-Pos-1-1-768x1152.jpg 768w, https:\/\/reverbdata.ipl.pt\/wp-content\/uploads\/2025\/02\/Col-1-Pos-1-1-1024x1536.jpg 1024w, https:\/\/reverbdata.ipl.pt\/wp-content\/uploads\/2025\/02\/Col-1-Pos-1-1-1365x2048.jpg 1365w, https:\/\/reverbdata.ipl.pt\/wp-content\/uploads\/2025\/02\/Col-1-Pos-1-1-8x12.jpg 8w\" sizes=\"auto, (max-width: 1707px) 100vw, 1707px\" \/><\/figure>\n\n\n\n<p class=\"justify-text has-body-text-color has-text-color has-link-color wp-elements-7834894e15da1d86c4855689b2739dfa\">O Sal\u00e3o Nobre possui uma planta retangular e uma mezzanine completa na sua cercadura e permite o acesso \u00e0 varanda da fachada principal do edif\u00edcio. As suas dimens\u00f5es aproximadas s\u00e3o 32.2 m de comprimento por 11.3 m de largura, e um p\u00e9 direito de ca. 8.4 m. O volume \u00e9 ca. 2320 m3.<\/p>\n\n\n\n<p class=\"justify-text has-body-text-color has-text-color has-link-color wp-elements-4d989c67f11905c5d251194fa399ffdd\">Principais materiais: alvenaria mista, estuque pintado, talha, espelhos, vidro, papel de parede, madeiras. Pavimento de madeira e lajedo com grandes carpetes.<\/p>\n<\/div>\n\n\n\n<div class=\"wp-block-column is-layout-flow wp-block-column-is-layout-flow\" style=\"padding-top:3rem;flex-basis:50%\">\n<h5 class=\"wp-block-heading has-text-align-left has-custom-color-1-color has-text-color has-link-color wp-elements-8a45a6902f43687e0844961954a22124\" id=\"0-measurement-points-and-source-location\">Pontos de medi\u00e7\u00e3o e localiza\u00e7\u00e3o da fonte ac\u00fastica<\/h5>\n\n\n\n<p class=\"justify-text has-body-text-color has-text-color has-link-color wp-elements-19fa4da51b73c481c4ad4ee067ae61c1\">A fonte sonora foi colocada em duas posi\u00e7\u00f5es (S1) e (S2) no Sal\u00e3o Nobre, a primeira sob o teto alto e a segunda sob o teto baixo. As aquisi\u00e7\u00f5es e registos ac\u00fasticos foram realizados em 4 locais conforme indicado.<\/p>\n\n\n\n<figure class=\"wp-block-image alignwide size-full is-style-default\"><img loading=\"lazy\" decoding=\"async\" width=\"1280\" height=\"2560\" src=\"https:\/\/reverbdata.ipl.pt\/wp-content\/uploads\/2025\/01\/Great-Hall-measurement-locations_2-scaled.jpg\" alt=\"\" class=\"wp-image-1291\" srcset=\"https:\/\/reverbdata.ipl.pt\/wp-content\/uploads\/2025\/01\/Great-Hall-measurement-locations_2-scaled.jpg 1280w, https:\/\/reverbdata.ipl.pt\/wp-content\/uploads\/2025\/01\/Great-Hall-measurement-locations_2-150x300.jpg 150w, https:\/\/reverbdata.ipl.pt\/wp-content\/uploads\/2025\/01\/Great-Hall-measurement-locations_2-512x1024.jpg 512w, https:\/\/reverbdata.ipl.pt\/wp-content\/uploads\/2025\/01\/Great-Hall-measurement-locations_2-768x1536.jpg 768w, https:\/\/reverbdata.ipl.pt\/wp-content\/uploads\/2025\/01\/Great-Hall-measurement-locations_2-1024x2048.jpg 1024w, https:\/\/reverbdata.ipl.pt\/wp-content\/uploads\/2025\/01\/Great-Hall-measurement-locations_2-6x12.jpg 6w, https:\/\/reverbdata.ipl.pt\/wp-content\/uploads\/2025\/01\/Great-Hall-measurement-locations_2-200x400.jpg 200w\" sizes=\"auto, (max-width: 1280px) 100vw, 1280px\" \/><\/figure>\n<\/div>\n<\/div>\n<\/div>\n<\/div>\n\n\n\n<div class=\"wp-block-group has-global-padding is-layout-constrained wp-block-group-is-layout-constrained\">\n<div style=\"height:20px\" aria-hidden=\"true\" class=\"wp-block-spacer\"><\/div>\n\n\n\n<h3 class=\"wp-block-heading has-custom-color-1-color has-text-color has-link-color wp-elements-01bca5ce57de3daa64864e37b5fec474\">Ficheiros de \u00c1udio de Demonstra\u00e7\u00e3o<\/h3>\n\n\n\n<h6 class=\"wp-block-heading has-custom-color-1-color has-text-color has-link-color wp-elements-5d0b8381b06338b31183daec91eb03ed\">\"Discurso masculino e feminino\" -&gt; Original<\/h6>\n\n\n\n<figure class=\"wp-block-audio\"><audio controls src=\"https:\/\/reverbdata.ipl.pt\/wp-content\/uploads\/2025\/05\/Male_and_Female_speech_40s.wav\"><\/audio><\/figure>\n\n\n\n<h6 class=\"wp-block-heading has-custom-color-1-color has-text-color has-link-color wp-elements-05d1ab4ec7b116d35a88f5889981f89b\">\"Discurso masculino e feminino\" -&gt; Processado em Est\u00e9reo<\/h6>\n\n\n\n<figure class=\"wp-block-audio\"><audio controls src=\"https:\/\/reverbdata.ipl.pt\/wp-content\/uploads\/2025\/04\/Male_and_Female_speech_Stereo_40s-11.wav\"><\/audio><figcaption class=\"wp-element-caption\">Fonte Ac\u00fastica (S1) e Sistema de Aquisi\u00e7\u00e3o na Posi\u00e7\u00e3o 1; T<sub>30,wide<\/sub>&nbsp;= 1.58 s<\/figcaption><\/figure>\n\n\n\n<h6 class=\"wp-block-heading has-custom-color-1-color has-text-color has-link-color wp-elements-cefd33f3fd0d3ace7f548d7653c7219d\">\"Discurso masculino e feminino\" -&gt; Processado em Binaural (usar headphones)<\/h6>\n\n\n\n<figure class=\"wp-block-audio\"><audio controls src=\"https:\/\/reverbdata.ipl.pt\/wp-content\/uploads\/2025\/04\/Male_and_Female_speech_Binaural_40s-11.wav\"><\/audio><figcaption class=\"wp-element-caption\">Fonte Ac\u00fastica (S1) e Sistema de Aquisi\u00e7\u00e3o na Posi\u00e7\u00e3o 1; T<sub>30,wide<\/sub>&nbsp;= 1.58 s<\/figcaption><\/figure>\n\n\n\n<h6 class=\"wp-block-heading has-custom-color-1-color has-text-color has-link-color wp-elements-8b021da4f6891343264ec4075f892193\">\u201cGuitar_Capriccio_Arabe_Tarrega\u201d -&gt; Original<\/h6>\n\n\n\n<figure class=\"wp-block-audio\"><audio controls src=\"https:\/\/reverbdata.ipl.pt\/wp-content\/uploads\/2025\/05\/Guitar_Capriccio_Arabe_Tarrega_40s.wav\"><\/audio><\/figure>\n\n\n\n<h6 class=\"wp-block-heading has-custom-color-1-color has-text-color has-link-color wp-elements-da811de222d07d25a08b3306dca9165a\">\u201cGuitar_Capriccio_Arabe_Tarrega\u201d -&gt; Processado em Est\u00e9reo<\/h6>\n\n\n\n<figure class=\"wp-block-audio\"><audio controls src=\"https:\/\/reverbdata.ipl.pt\/wp-content\/uploads\/2025\/04\/Guitar_Capriccio_Arabe_Tarrega_Stereo_40s-10.wav\"><\/audio><figcaption class=\"wp-element-caption\">Fonte Ac\u00fastica (S1) e Sistema de Aquisi\u00e7\u00e3o na Posi\u00e7\u00e3o 1; T<sub>30,wide<\/sub>&nbsp;= 1.58 s<\/figcaption><\/figure>\n\n\n\n<h6 class=\"wp-block-heading has-custom-color-1-color has-text-color has-link-color wp-elements-3e4b1e9003c333e6a9be23ad9cfcf89e\">\u201cGuitar_Capriccio_Arabe_Tarrega\u201d -&gt; Processado em Binaural (usar headphones)<\/h6>\n\n\n\n<figure class=\"wp-block-audio\"><audio controls src=\"https:\/\/reverbdata.ipl.pt\/wp-content\/uploads\/2025\/04\/Guitar_Capriccio_Arabe_Tarrega_Binaural_40s-11.wav\"><\/audio><figcaption class=\"wp-element-caption\">Fonte Ac\u00fastica (S1) e Sistema de Aquisi\u00e7\u00e3o na Posi\u00e7\u00e3o 1; T<sub>30,wide<\/sub>&nbsp;= 1.58 s<\/figcaption><\/figure>\n\n\n\n<h6 class=\"wp-block-heading has-custom-color-1-color has-text-color has-link-color wp-elements-7405a5e3bc309897af74397bc80cd2bd\">\u201cHell_of_a_Guy\u201d -&gt; Original<\/h6>\n\n\n\n<figure class=\"wp-block-audio\"><audio controls src=\"https:\/\/reverbdata.ipl.pt\/wp-content\/uploads\/2024\/09\/Hell_of_a_Guy_40s.wav\"><\/audio><\/figure>\n\n\n\n<h6 class=\"wp-block-heading has-custom-color-1-color has-text-color has-link-color wp-elements-62f050fd88eb14d13e2baa73bcd3fbb5\">\u201cHell_of_a_Guy\u201d -&gt; Processado em Est\u00e9reo<\/h6>\n\n\n\n<figure class=\"wp-block-audio\"><audio controls src=\"https:\/\/reverbdata.ipl.pt\/wp-content\/uploads\/2025\/04\/Hell_of_a_Guy_Stereo_40s-2.wav\"><\/audio><figcaption class=\"wp-element-caption\">Fonte Ac\u00fastica (S1) e Sistema de Aquisi\u00e7\u00e3o na Posi\u00e7\u00e3o 1; T<sub>30,wide<\/sub>&nbsp;= 1.58 s<\/figcaption><\/figure>\n\n\n\n<h6 class=\"wp-block-heading has-custom-color-1-color has-text-color has-link-color wp-elements-65b34418b28da383cf39586a23e19532\">\u201cHell_of_a_Guy\u201d -&gt; Processado em Binaural (usar headphones)<\/h6>\n\n\n\n<figure class=\"wp-block-audio\"><audio controls src=\"https:\/\/reverbdata.ipl.pt\/wp-content\/uploads\/2025\/04\/Hell_of_a_Guy_Binaural_40s-3.wav\"><\/audio><figcaption class=\"wp-element-caption\">Fonte Ac\u00fastica (S1) e Sistema de Aquisi\u00e7\u00e3o na Posi\u00e7\u00e3o 1; T<sub>30,wide<\/sub>&nbsp;= 1.58 s<\/figcaption><\/figure>\n\n\n\n<div style=\"height:20px\" aria-hidden=\"true\" class=\"wp-block-spacer\"><\/div>\n\n\n\n<div class=\"wp-block-group has-custom-color-1-background-color has-background has-global-padding is-layout-constrained wp-container-core-group-is-layout-e8732830 wp-block-group-is-layout-constrained\" style=\"min-height:0px;margin-top:0;margin-bottom:0;padding-right:5rem;padding-left:5rem\">\n<h3 class=\"wp-block-heading has-text-align-center has-base-color has-text-color has-link-color wp-elements-208eb43f39c0bbfef20ac2391bb35c4e\" id=\"1-room-impulse-response-files\" style=\"padding-top:0;padding-right:0;padding-bottom:0;padding-left:0\">Ficheiros de Resposta ao Impulso do Espa\u00e7o<\/h3>\n\n\n\n<div class=\"wp-block-buttons alignwide is-horizontal is-content-justification-center is-layout-flex wp-container-core-buttons-is-layout-967d4589 wp-block-buttons-is-layout-flex\" style=\"margin-top:var(--wp--preset--spacing--40);margin-bottom:0\">\n<div class=\"wp-block-button is-style-fill\"><a class=\"wp-block-button__link has-section-bg-color has-heading-background-color has-text-color has-background has-link-color has-text-align-center wp-element-button\" href=\"https:\/\/iplx-my.sharepoint.com\/:f:\/g\/personal\/reverbdata_esml_ipl_pt\/ElcgfxAyP3xHrhXXmqvuBBIBUu5gmcxIvWVj_OxPKNpgpQ?e=LUzF3u\" style=\"border-style:none;border-width:0px\"><strong>Download<\/strong><\/a><\/div>\n<\/div>\n<\/div>\n\n\n\n<div class=\"wp-block-buttons is-content-justification-left is-layout-flex wp-container-core-buttons-is-layout-fc4fd283 wp-block-buttons-is-layout-flex\">\n<div class=\"wp-block-button is-style-outline is-style-outline--1\"><a class=\"wp-block-button__link has-custom-color-1-color has-white-background-color has-text-color has-background has-link-color wp-element-button\" href=\"https:\/\/reverbdata.ipl.pt\/pt\/#sao-carlos-national-theatre\">Voltar ao Teatro Nacional de S\u00e3o Carlos<\/a><\/div>\n<\/div>\n\n\n\n<div class=\"wp-block-buttons is-content-justification-right is-layout-flex wp-container-core-buttons-is-layout-d445cf74 wp-block-buttons-is-layout-flex\">\n<div class=\"wp-block-button is-style-fill\"><a class=\"wp-block-button__link has-heading-color has-white-background-color has-text-color has-background has-link-color wp-element-button\" href=\"https:\/\/reverbdata.ipl.pt\/pt\/\">Voltar \u00e0 Pagina Inicial<\/a><\/div>\n<\/div>\n<\/div>","protected":false},"excerpt":{"rendered":"<p>The Great Hall has a rectangular floor plan and a complete mezzanine on its perimeter, allowing access to the balcony on the main fa\u00e7ade of the building. Its approximate dimensions are 32.2 m long by 11.3 m wide, and a ceiling height of ca. 8.4 m. Volume ca. 2320 m3. Main materials: mixed masonry, painted [&hellip;]<\/p>\n","protected":false},"author":4,"featured_media":1333,"parent":514,"menu_order":0,"comment_status":"closed","ping_status":"closed","template":"","meta":{"footnotes":""},"class_list":["post-1257","page","type-page","status-publish","has-post-thumbnail","hentry"],"featured_image_src":"https:\/\/reverbdata.ipl.pt\/wp-content\/uploads\/2025\/02\/Col-1-Pos-1-1-scaled.jpg","_links":{"self":[{"href":"https:\/\/reverbdata.ipl.pt\/pt\/wp-json\/wp\/v2\/pages\/1257","targetHints":{"allow":["GET"]}}],"collection":[{"href":"https:\/\/reverbdata.ipl.pt\/pt\/wp-json\/wp\/v2\/pages"}],"about":[{"href":"https:\/\/reverbdata.ipl.pt\/pt\/wp-json\/wp\/v2\/types\/page"}],"author":[{"embeddable":true,"href":"https:\/\/reverbdata.ipl.pt\/pt\/wp-json\/wp\/v2\/users\/4"}],"replies":[{"embeddable":true,"href":"https:\/\/reverbdata.ipl.pt\/pt\/wp-json\/wp\/v2\/comments?post=1257"}],"version-history":[{"count":10,"href":"https:\/\/reverbdata.ipl.pt\/pt\/wp-json\/wp\/v2\/pages\/1257\/revisions"}],"predecessor-version":[{"id":2227,"href":"https:\/\/reverbdata.ipl.pt\/pt\/wp-json\/wp\/v2\/pages\/1257\/revisions\/2227"}],"up":[{"embeddable":true,"href":"https:\/\/reverbdata.ipl.pt\/pt\/wp-json\/wp\/v2\/pages\/514"}],"wp:featuredmedia":[{"embeddable":true,"href":"https:\/\/reverbdata.ipl.pt\/pt\/wp-json\/wp\/v2\/media\/1333"}],"wp:attachment":[{"href":"https:\/\/reverbdata.ipl.pt\/pt\/wp-json\/wp\/v2\/media?parent=1257"}],"curies":[{"name":"wp","href":"https:\/\/api.w.org\/{rel}","templated":true}]}}