{"id":713,"date":"2024-08-28T14:30:34","date_gmt":"2024-08-28T14:30:34","guid":{"rendered":"https:\/\/reverbdata.ipl.pt\/?page_id=713"},"modified":"2025-11-27T11:07:51","modified_gmt":"2025-11-27T11:07:51","slug":"main-cloister-d-joao-iii","status":"publish","type":"page","link":"https:\/\/reverbdata.ipl.pt\/pt\/reverbdata\/main-cloister-d-joao-iii\/","title":{"rendered":"Claustro Principal D. Jo\u00e3o III (1\u00ba Piso)"},"content":{"rendered":"<div class=\"wp-block-group has-global-padding is-layout-constrained wp-block-group-is-layout-constrained\">\n<div class=\"wp-block-group has-global-padding is-layout-constrained wp-block-group-is-layout-constrained\">\n<div class=\"wp-block-columns is-layout-flex wp-container-core-columns-is-layout-0f3590de wp-block-columns-is-layout-flex\">\n<div class=\"wp-block-column is-layout-flow wp-block-column-is-layout-flow\" style=\"flex-basis:50%\"><h3 class=\"has-link-color wp-elements-d2e51c92208a6a2a5b724660ce272c42 wp-block-post-title has-text-color has-custom-color-1-color\">Claustro Principal D. Jo\u00e3o III (1\u00ba Piso)<\/h3>\n\n\n<figure class=\"wp-block-image size-full\"><img loading=\"lazy\" decoding=\"async\" width=\"4134\" height=\"2756\" src=\"https:\/\/reverbdata.ipl.pt\/wp-content\/uploads\/2024\/08\/Claustro_Foto.png\" alt=\"\" class=\"wp-image-711\" srcset=\"https:\/\/reverbdata.ipl.pt\/wp-content\/uploads\/2024\/08\/Claustro_Foto.png 4134w, https:\/\/reverbdata.ipl.pt\/wp-content\/uploads\/2024\/08\/Claustro_Foto-300x200.png 300w, https:\/\/reverbdata.ipl.pt\/wp-content\/uploads\/2024\/08\/Claustro_Foto-1024x683.png 1024w, https:\/\/reverbdata.ipl.pt\/wp-content\/uploads\/2024\/08\/Claustro_Foto-768x512.png 768w, https:\/\/reverbdata.ipl.pt\/wp-content\/uploads\/2024\/08\/Claustro_Foto-1536x1024.png 1536w, https:\/\/reverbdata.ipl.pt\/wp-content\/uploads\/2024\/08\/Claustro_Foto-2048x1365.png 2048w, https:\/\/reverbdata.ipl.pt\/wp-content\/uploads\/2024\/08\/Claustro_Foto-18x12.png 18w, https:\/\/reverbdata.ipl.pt\/wp-content\/uploads\/2024\/08\/Claustro_Foto-200x133.png 200w\" sizes=\"auto, (max-width: 4134px) 100vw, 4134px\" \/><\/figure>\n\n\n\n<p class=\"justify-text has-body-text-color has-text-color has-link-color wp-elements-47277582d4c3ad31e75662f2259f557b\">O Claustro Principal (Claustro D. Jo\u00e3o III), \u00e9 a obra magna do convento renascentista edificado pelo rei D. Jo\u00e3o III, extramuros do castelo, e rodeando a nave com que o pai, D. Manuel I, ampliou a igreja templ\u00e1ria.Faz parte do grupo de quatro grandes claustros em torno dos quais assenta a estrutura formal da espacialidade conventual. Cont\u00edguo \u00e0 Igreja do Convento, o Claustro D. Jo\u00e3o III flanqueia a fachada sul da nave manuelina. A sua tra\u00e7a \u00e9 diversa da restante arquitectura conventual castilhiana. Refeito ap\u00f3s a morte de Diogo de Castilho, por Diogo de Torralva, no estilo maneirista do Cinquecento italiano, este claustro ir\u00e1 receber uma graciosa fonte de \u00e1gua, da lavra de Fernandes Torres, alimentada pela \u00e1gua do aqueduto conventual. \u00c9 considerado uma obra-prima da Renascen\u00e7a europeia.<\/p>\n<\/div>\n\n\n\n<div class=\"wp-block-column is-layout-flow wp-block-column-is-layout-flow\" style=\"padding-top:3rem;flex-basis:50%\">\n<h5 class=\"wp-block-heading has-text-align-left has-custom-color-1-color has-text-color has-link-color wp-elements-74cf0948a3128ab9f4ecf1f8834f4295\">Pontos de medi\u00e7\u00e3o e localiza\u00e7\u00e3o da fonte ac\u00fastica<\/h5>\n\n\n\n<p class=\"justify-text has-body-text-color has-text-color has-link-color wp-elements-fd5d063c60bdfad498092bde0b8f3527\">A fonte ac\u00fastica foi colocada em duas posi\u00e7\u00f5es no claustro: a primeira numa posi\u00e7\u00e3o central do claustro, a segunda numa posi\u00e7\u00e3o lateral do corredor oeste adjacente ao Refeit\u00f3rio. Para as posi\u00e7\u00f5es de aquisi\u00e7\u00e3o escolheram-se tr\u00eas locais, um situado no referido corredor oeste, outro situado j\u00e1 no interior do claustro ligeiramente a oeste da fonte ac\u00fastica, e o \u00faltimo local situado no corredor norte.<\/p>\n\n\n\n<figure class=\"wp-block-image alignwide size-full is-style-default\"><img loading=\"lazy\" decoding=\"async\" width=\"5250\" height=\"9000\" src=\"https:\/\/reverbdata.ipl.pt\/wp-content\/uploads\/2024\/09\/Claustro_final2.png\" alt=\"\" class=\"wp-image-1012\" srcset=\"https:\/\/reverbdata.ipl.pt\/wp-content\/uploads\/2024\/09\/Claustro_final2.png 5250w, https:\/\/reverbdata.ipl.pt\/wp-content\/uploads\/2024\/09\/Claustro_final2-175x300.png 175w, https:\/\/reverbdata.ipl.pt\/wp-content\/uploads\/2024\/09\/Claustro_final2-597x1024.png 597w, https:\/\/reverbdata.ipl.pt\/wp-content\/uploads\/2024\/09\/Claustro_final2-768x1317.png 768w, https:\/\/reverbdata.ipl.pt\/wp-content\/uploads\/2024\/09\/Claustro_final2-896x1536.png 896w, https:\/\/reverbdata.ipl.pt\/wp-content\/uploads\/2024\/09\/Claustro_final2-1195x2048.png 1195w, https:\/\/reverbdata.ipl.pt\/wp-content\/uploads\/2024\/09\/Claustro_final2-7x12.png 7w, https:\/\/reverbdata.ipl.pt\/wp-content\/uploads\/2024\/09\/Claustro_final2-200x343.png 200w\" sizes=\"auto, (max-width: 5250px) 100vw, 5250px\" \/><\/figure>\n<\/div>\n<\/div>\n<\/div>\n\n\n\n<h3 class=\"wp-block-heading has-custom-color-1-color has-text-color has-link-color wp-elements-01bca5ce57de3daa64864e37b5fec474\">Ficheiros de \u00c1udio de Demonstra\u00e7\u00e3o<\/h3>\n\n\n\n<h6 class=\"wp-block-heading has-custom-color-1-color has-text-color has-link-color wp-elements-5d0b8381b06338b31183daec91eb03ed\">\"Discurso masculino e feminino\" -&gt; Original<\/h6>\n\n\n\n<figure class=\"wp-block-audio\"><audio controls src=\"https:\/\/reverbdata.ipl.pt\/wp-content\/uploads\/2025\/05\/Male_and_Female_speech_40s.wav\"><\/audio><\/figure>\n\n\n\n<h6 class=\"wp-block-heading has-custom-color-1-color has-text-color has-link-color wp-elements-05d1ab4ec7b116d35a88f5889981f89b\">\"Discurso masculino e feminino\" -&gt; Processado em Est\u00e9reo<\/h6>\n\n\n\n<figure class=\"wp-block-audio\"><audio controls src=\"https:\/\/reverbdata.ipl.pt\/wp-content\/uploads\/2024\/09\/Male_and_Female_speech_Stereo_40s-7.wav\"><\/audio><figcaption class=\"wp-element-caption\">Fonte Ac\u00fastica em S1 e Sistema de Aquisi\u00e7\u00e3o na posi\u00e7\u00e3o 1; T<sub>30,wide<\/sub> = 3.28 s<\/figcaption><\/figure>\n\n\n\n<h6 class=\"wp-block-heading has-custom-color-1-color has-text-color has-link-color wp-elements-cefd33f3fd0d3ace7f548d7653c7219d\">\"Discurso masculino e feminino\" -&gt; Processado em Binaural (usar headphones)<\/h6>\n\n\n\n<figure class=\"wp-block-audio\"><audio controls src=\"https:\/\/reverbdata.ipl.pt\/wp-content\/uploads\/2024\/09\/Male_and_Female_speech_Binaural_40s-9.wav\"><\/audio><figcaption class=\"wp-element-caption\">Fonte Ac\u00fastica em S1 e Sistema de Aquisi\u00e7\u00e3o na posi\u00e7\u00e3o 1; T<sub>30,wide<\/sub> = 3.28 s<\/figcaption><\/figure>\n\n\n\n<h6 class=\"wp-block-heading has-custom-color-1-color has-text-color has-link-color wp-elements-8b021da4f6891343264ec4075f892193\">\u201cGuitar_Capriccio_Arabe_Tarrega\u201d -&gt; Original<\/h6>\n\n\n\n<figure class=\"wp-block-audio\"><audio controls src=\"https:\/\/reverbdata.ipl.pt\/wp-content\/uploads\/2025\/05\/Guitar_Capriccio_Arabe_Tarrega_40s.wav\"><\/audio><\/figure>\n\n\n\n<h6 class=\"wp-block-heading has-custom-color-1-color has-text-color has-link-color wp-elements-da811de222d07d25a08b3306dca9165a\">\u201cGuitar_Capriccio_Arabe_Tarrega\u201d -&gt; Processado em Est\u00e9reo<\/h6>\n\n\n\n<figure class=\"wp-block-audio\"><audio controls src=\"https:\/\/reverbdata.ipl.pt\/wp-content\/uploads\/2024\/09\/Guitar_Capriccio_Arabe_Tarrega_Stereo_40s-8.wav\"><\/audio><figcaption class=\"wp-element-caption\">Fonte Ac\u00fastica em S1 e Sistema de Aquisi\u00e7\u00e3o na posi\u00e7\u00e3o 1; T<sub>30,wide<\/sub> = 3.28 s<\/figcaption><\/figure>\n\n\n\n<h6 class=\"wp-block-heading has-custom-color-1-color has-text-color has-link-color wp-elements-3e4b1e9003c333e6a9be23ad9cfcf89e\">\u201cGuitar_Capriccio_Arabe_Tarrega\u201d -&gt; Processado em Binaural (usar headphones)<\/h6>\n\n\n\n<figure class=\"wp-block-audio\"><audio controls src=\"https:\/\/reverbdata.ipl.pt\/wp-content\/uploads\/2024\/09\/Guitar_Capriccio_Arabe_Tarrega_Binaural_40s-11.wav\"><\/audio><figcaption class=\"wp-element-caption\">Fonte Ac\u00fastica em S1 e Sistema de Aquisi\u00e7\u00e3o na posi\u00e7\u00e3o 1; T<sub>30,wide<\/sub> = 3.28 s<\/figcaption><\/figure>\n\n\n\n<h6 class=\"wp-block-heading has-custom-color-1-color has-text-color has-link-color wp-elements-5e3ef03a3904366221432726cf86b293\">\u201cKyrie_Missa_Notre_Dame_Guillame_de_Machaut\u201d -&gt; Original<\/h6>\n\n\n\n<figure class=\"wp-block-audio\"><audio controls src=\"https:\/\/reverbdata.ipl.pt\/wp-content\/uploads\/2025\/05\/Kyrie_Missa_Notre_Dame_Guillame_de_Machaut_40s.wav\"><\/audio><\/figure>\n\n\n\n<h6 class=\"wp-block-heading has-custom-color-1-color has-text-color has-link-color wp-elements-c8ec8eb0b94e1c4a27ce45cb43d2255f\">\u201cKyrie_Missa_Notre_Dame_Guillame_de_Machaut\u201d -&gt; Processado em Est\u00e9reo<\/h6>\n\n\n\n<figure class=\"wp-block-audio\"><audio controls src=\"https:\/\/reverbdata.ipl.pt\/wp-content\/uploads\/2024\/09\/Kyrie_Missa_Notre_Dame_Guillame_de_Machaut_Stereo_40s-4.wav\"><\/audio><figcaption class=\"wp-element-caption\">Fonte Ac\u00fastica em S1 e Sistema de Aquisi\u00e7\u00e3o na posi\u00e7\u00e3o 1; T<sub>30,wide<\/sub> = 3.28 s<\/figcaption><\/figure>\n\n\n\n<h6 class=\"wp-block-heading has-custom-color-1-color has-text-color has-link-color wp-elements-ee7412d73cf813a98ed7e6f4bd41f78f\">\u201cKyrie_Missa_Notre_Dame_Guillame_de_Machaut\u201d -&gt; Processado em Binaural (usar headphones)<\/h6>\n\n\n\n<figure class=\"wp-block-audio\"><audio controls src=\"https:\/\/reverbdata.ipl.pt\/wp-content\/uploads\/2024\/09\/Kyrie_Missa_Notre_Dame_Guillame_de_Machaut_Binaural_40s-4.wav\"><\/audio><figcaption class=\"wp-element-caption\">Fonte Ac\u00fastica em S1 e Sistema de Aquisi\u00e7\u00e3o na posi\u00e7\u00e3o 1; T<sub>30,wide<\/sub> = 3.28 s<\/figcaption><\/figure>\n<\/div>\n\n\n\n<div class=\"wp-block-group has-global-padding is-layout-constrained wp-block-group-is-layout-constrained\">\n<div style=\"height:40px\" aria-hidden=\"true\" class=\"wp-block-spacer\"><\/div>\n\n\n\n<div class=\"wp-block-group has-custom-color-1-background-color has-background has-global-padding is-layout-constrained wp-container-core-group-is-layout-e8732830 wp-block-group-is-layout-constrained\" style=\"min-height:0px;margin-top:0;margin-bottom:0;padding-right:5rem;padding-left:5rem\">\n<h3 class=\"wp-block-heading has-text-align-center has-base-color has-text-color has-link-color wp-elements-bdebf145cae9fa4460087a537381715d\" style=\"padding-top:0;padding-right:0;padding-bottom:0;padding-left:0\">Ficheiros de Resposta ao Impulso do Espa\u00e7o<\/h3>\n\n\n\n<div class=\"wp-block-buttons alignwide is-horizontal is-content-justification-center is-layout-flex wp-container-core-buttons-is-layout-967d4589 wp-block-buttons-is-layout-flex\" style=\"margin-top:var(--wp--preset--spacing--40);margin-bottom:0\">\n<div class=\"wp-block-button is-style-fill\"><a class=\"wp-block-button__link has-section-bg-color has-heading-background-color has-text-color has-background has-link-color has-text-align-center wp-element-button\" href=\"https:\/\/iplx-my.sharepoint.com\/:f:\/g\/personal\/reverbdata_esml_ipl_pt\/EhSMzFbaWTNBnzRpdQpQz0EBLuZ7gSm3H-BgFy98h5HgbA?e=nYpvUE\" style=\"border-style:none;border-width:0px\"><strong>Download<\/strong><\/a><\/div>\n<\/div>\n<\/div>\n\n\n\n<div class=\"wp-block-buttons is-content-justification-left is-layout-flex wp-container-core-buttons-is-layout-fc4fd283 wp-block-buttons-is-layout-flex\">\n<div class=\"wp-block-button is-style-outline is-style-outline--1\"><a class=\"wp-block-button__link has-custom-color-1-color has-white-background-color has-text-color has-background has-link-color wp-element-button\" href=\"https:\/\/reverbdata.ipl.pt\/pt\/#convent-of-christ\">Voltar ao Convento de Cristo<\/a><\/div>\n<\/div>\n\n\n\n<div class=\"wp-block-buttons is-content-justification-right is-layout-flex wp-container-core-buttons-is-layout-d445cf74 wp-block-buttons-is-layout-flex\">\n<div class=\"wp-block-button is-style-fill\"><a class=\"wp-block-button__link has-heading-color has-white-background-color has-text-color has-background has-link-color wp-element-button\" href=\"https:\/\/reverbdata.ipl.pt\/pt\/\">Voltar \u00e0 Pagina Inicial<\/a><\/div>\n<\/div>\n<\/div>","protected":false},"excerpt":{"rendered":"<p>The Main Cloister (D. Jo\u00e3o III) is the magnum opus of the Renaissance convent built by King D. Jo\u00e3o III, outside the castle walls, and surrounding the nave with which his father, D. Manuel I, expanded the Templar church. It is part of the group of four large cloisters around which the formal structure of [&hellip;]<\/p>\n","protected":false},"author":4,"featured_media":711,"parent":514,"menu_order":0,"comment_status":"closed","ping_status":"closed","template":"","meta":{"footnotes":""},"class_list":["post-713","page","type-page","status-publish","has-post-thumbnail","hentry"],"featured_image_src":"https:\/\/reverbdata.ipl.pt\/wp-content\/uploads\/2024\/08\/Claustro_Foto.png","_links":{"self":[{"href":"https:\/\/reverbdata.ipl.pt\/pt\/wp-json\/wp\/v2\/pages\/713","targetHints":{"allow":["GET"]}}],"collection":[{"href":"https:\/\/reverbdata.ipl.pt\/pt\/wp-json\/wp\/v2\/pages"}],"about":[{"href":"https:\/\/reverbdata.ipl.pt\/pt\/wp-json\/wp\/v2\/types\/page"}],"author":[{"embeddable":true,"href":"https:\/\/reverbdata.ipl.pt\/pt\/wp-json\/wp\/v2\/users\/4"}],"replies":[{"embeddable":true,"href":"https:\/\/reverbdata.ipl.pt\/pt\/wp-json\/wp\/v2\/comments?post=713"}],"version-history":[{"count":12,"href":"https:\/\/reverbdata.ipl.pt\/pt\/wp-json\/wp\/v2\/pages\/713\/revisions"}],"predecessor-version":[{"id":2194,"href":"https:\/\/reverbdata.ipl.pt\/pt\/wp-json\/wp\/v2\/pages\/713\/revisions\/2194"}],"up":[{"embeddable":true,"href":"https:\/\/reverbdata.ipl.pt\/pt\/wp-json\/wp\/v2\/pages\/514"}],"wp:featuredmedia":[{"embeddable":true,"href":"https:\/\/reverbdata.ipl.pt\/pt\/wp-json\/wp\/v2\/media\/711"}],"wp:attachment":[{"href":"https:\/\/reverbdata.ipl.pt\/pt\/wp-json\/wp\/v2\/media?parent=713"}],"curies":[{"name":"wp","href":"https:\/\/api.w.org\/{rel}","templated":true}]}}